{"id":5871,"date":"2020-09-01T15:22:13","date_gmt":"2020-09-01T13:22:13","guid":{"rendered":"https:\/\/fodjan.com\/?page_id=5871"},"modified":"2022-06-29T10:02:05","modified_gmt":"2022-06-29T08:02:05","slug":"datenschutz-social-media-bei-fodjan","status":"publish","type":"page","link":"https:\/\/fodjan.com\/de\/datenschutz-social-media-bei-fodjan\/","title":{"rendered":"Datenschutzinformationen zu unseren Social-Media-Pr\u00e4senzen"},"content":{"rendered":"\n<div style=\"height:50px\" aria-hidden=\"true\" class=\"wp-block-spacer\"><\/div>\n\n\n\n<p>Die Datenschutzinformation f\u00fcr die Verarbeitung personenbezogener Daten auf unserer Internetseite finden Sie unter folgendem Link: <a href=\"https:\/\/fodjan.com\/de\/datenschutzerklaerung\/\">https:\/\/fodjan.com\/de\/datenschutzerklaerung\/<\/a><\/p>\n\n\n\n<p>Zur aktiven Kommunikation mit den Nutzern sowie zur Bereitstellung von Informationen \u00fcber unsere T\u00e4tigkeit, unterhalten wir, die <strong>fodjan GmbH<\/strong>, Gro\u00dfenhainer Stra\u00dfe 101, 01127 Dresden, teils in gemeinsamer Verantwortlichkeit mit den unten aufgef\u00fchrten Betreibern sozialer Netzwerke eine Reihe verschiedener Social-Media-Pr\u00e4senzen.<\/p>\n\n\n\n<p>Im Rahmen der nutzerseitigen Verwendung unserer Pr\u00e4senzen in den unten genannten sozialen Netzwerken m\u00f6chten wir darauf hinweisen, dass personenbezogene Daten der Nutzer durch die Betreiber der sozialen Netzwerke auch au\u00dferhalb der Europ\u00e4ischen Union sowie au\u00dferhalb des Europ\u00e4ischen Wirtschaftsraums verarbeitet werden k\u00f6nnen. F\u00fcr die Nutzer k\u00f6nnen hieraus etwaige Risiken resultieren, beispielswiese in einer erschwerten Durchsetzung datenschutzrechtlicher Betroffenenrechte. Zugleich m\u00f6chten wir jedoch darauf verweisen, dass sofern die Betreiber der sozialen Netzwerke dies unterst\u00fctzen, wir auf den Abschluss von Vereinbarungen zur gemeinsamen Verantwortlichkeit gem\u00e4\u00df Art. 26 DS-GVO sowie von Standarddatenschutzklauseln gem\u00e4\u00df Art. 46 Abs.&nbsp;2 lit. d DS-GVO hinwirken.<\/p>\n\n\n\n<p>Dar\u00fcber hinaus m\u00f6chten wir darauf aufmerksam machen, dass die personenbezogenen Daten der Nutzer in der Regel durch die Betreiber der sozialen Netzwerke auch zu eigenen Marktforschungs- und Werbezwecken verarbeitet werden. Etwaige aus dem Nutzungsverhalten generierte Nutzungsprofile k\u00f6nnen dazu verwendet werden, auch au\u00dferhalb der sozialen Netzwerke interessengerechte Werbeanzeigen darzustellen. Hierf\u00fcr werden durch die Betreiber der sozialen Netzwerke im Regelfall Cookies auf den Rechnern der Nutzer abgelegt, sodass Ger\u00e4teinformationen, Nutzungsverhalten sowie Interessen von Nutzern auch dann verarbeitet werden k\u00f6nnen, wenn der Nutzer nicht \u00fcber ein Profil im jeweiligen Netzwerk verf\u00fcgt. Weitere Informationen hierzu und bez\u00fcglich etwaigen Widerspruchsm\u00f6glichkeiten entnehmen Sie bitte den Datenschutzinformationen und weiterf\u00fchrenden Hinweisen der jeweiligen Betreiber sozialer Netzwerke, die wir unten f\u00fcr Sie verlinkt haben.<\/p>\n\n\n\n<p><strong>F\u00fcr die Verarbeitung personenbezogener Daten gilt des Weiteren Folgendes:<\/strong><\/p>\n\n\n\n<p><strong>Verarbeitete Datenkategorien<\/strong><\/p>\n\n\n\n<p>Zu den verarbeiteten Datenkategorien geh\u00f6ren Bestandsdaten (z.B. Namen), Kontaktdaten (z.B. E-Mail-Adressen), Inhaltsdaten (z.B. Texteingaben), Nutzungsdaten (z.B. Interesse an Inhalten) sowie Meta- und Kommunikationsdaten (z.B. Ger\u00e4teinformationen und IP-Adressen).<\/p>\n\n\n\n<p><strong>Zweck und Rechtsgrundlage der Verarbeitung<\/strong><\/p>\n\n\n\n<p>Datenverarbeitungen erfolgen, soweit diese unserer Verantwortlichkeit unterliegen zu Zwecken der Informationsbereitstellung, der Kommunikation, des Marketings sowie zur Reichweitenmessung. Der Betrieb der Social-Media-Pr\u00e4senzen ergibt sich aufgrund eines berechtigten Interesses gem\u00e4\u00df Art. 6 Abs. 1 S. 1 lit. f DS-GVO, wobei sich die jeweiligen Interessen aus den vorgenannten Zwecken ergeben.<\/p>\n\n\n\n<p><strong>Speicherdauer<\/strong><\/p>\n\n\n\n<p>Eine Speicherung der durch uns verarbeiteten Datenkategorien erfolgt allein innerhalb des jeweiligen sozialen Netzwerkes. Auf die konkrete Speicherdauer haben wir in den meisten F\u00e4llen keinen Einfluss, da diese durch die Anbieter der sozialen Netzwerke festgelegt werden. Informationen hierzu erhalten Sie in der Datenschutzinformation des jeweiligen Anbieters. Sofern die Speicherdauer in Einzelf\u00e4llen durch uns beeinflusst werden kann, erfolgt eine L\u00f6schung nach Zweckerf\u00fcllung unter Beachtung der gesetzlichen Aufbewahrungspflichten.<\/p>\n\n\n\n<p>Von uns eingesetzte Dienste und Diensteanbieter sowie netzwerkspezifische Informationen<\/p>\n\n\n\n<p>Im Folgenden informieren wir Sie \u00fcber die von uns eingesetzten Dienste und Diensteanbieter sowie \u00fcber netzwerkspezifischen Informationen unter Nennung der jeweiligen verantwortlichen Stellen innerhalb der EU \/ des EWR sowie derer au\u00dferhalb. Eine dar\u00fcberhinausgehende Daten\u00fcbermittlung findet unsererseits nicht statt.<\/p>\n\n\n\n<ul class=\"wp-block-list\"><li><em>Facebook,<\/em><strong><em> <\/em><\/strong><a href=\"https:\/\/de-de.facebook.com\/legal\/terms?ref=pf\">Meta Platforms Ireland Limited<\/a> <em>\/ Meta Platforms Inc., 1 Hacker Way, Menlo Park, CA 94025, USA<\/em><ul><li><a href=\"https:\/\/www.facebook.com\/about\/privacy\">Datenschutzinformation<\/a><\/li><\/ul><ul><li><a href=\"https:\/\/www.facebook.com\/legal\/terms\/page_controller_addendum\">Hinweise zur Vereinbarung \u00fcber gemeinsame Verarbeitung personenbezogener Daten auf Facebook-Seiten<\/a><\/li><\/ul><ul><li><a href=\"https:\/\/www.facebook.com\/settings?tab=ads\">Einstellungen zu Werbeanzeigen<\/a><\/li><\/ul><\/li><\/ul>\n\n\n\n<ul class=\"wp-block-list\"><li><em>Twitter, <\/em><a href=\"https:\/\/legal.twitter.com\/imprint\"><em>Twitter International Company<\/em><\/a><em> \/ Twitter Inc., 1355 Market Street, San Francisco, CA 94103, USA<\/em><ul><li><a href=\"https:\/\/twitter.com\/de\/privacy\">Datenschutzinformation<\/a><\/li><\/ul><ul><li><a href=\"https:\/\/twitter.com\/personalization\">Widerspruchsm\u00f6glichkeit bez\u00fcglich verschiedener Datenverarbeitungen<\/a><\/li><\/ul><\/li><\/ul>\n\n\n\n<ul class=\"wp-block-list\"><li><em>YouTube, <\/em><a href=\"https:\/\/www.google.de\/contact\/impressum.html\"><em>Google Ireland Limited<\/em><\/a><em> \/ Google LLC, 1600 Amphitheatre Parkway, Mountain View, CA 94043, USA <\/em><ul><li><a href=\"https:\/\/policies.google.com\/privacy\">Datenschutzinformation<\/a><\/li><\/ul><ul><li><a href=\"https:\/\/adssettings.google.com\/anonymous?hl=de\">Widerspruchsm\u00f6glichkeit bez\u00fcglich zielgerichteter Werbeanzeigen<\/a><\/li><\/ul><ul><li><a href=\"https:\/\/tools.google.com\/dlpage\/gaoptout?hl=de\">Browser-Add-on zur Deaktivierung von Google Analytics<\/a><\/li><\/ul><\/li><\/ul>\n\n\n\n<ul class=\"wp-block-list\"><li><em>LinkedIn, <a href=\"https:\/\/www.linkedin.com\/legal\/impressum\">LinkedIn Ireland Unlimited Company<\/a>, Wilton Place, Dublin 2, Ireland<\/em><ul><li><a href=\"https:\/\/de.linkedin.com\/legal\/privacy-policy?\">Datenschutzinformation<\/a><\/li><li><a href=\"https:\/\/www.linkedin.com\/help\/linkedin\/ask\/TS-DPRO\">Formular zum Widerspruch gegen LinkedIn Datenverarbeitung<\/a><\/li><li><a href=\"https:\/\/www.linkedin.com\/psettings\/advertising-data\">Werbeeinstellungen<\/a><\/li><\/ul><\/li><\/ul>\n\n\n\n<ul class=\"wp-block-list\"><li><em>Xing, <a href=\"https:\/\/www.xing.com\/legalnotice\">New Work SE<\/a>, Am Strandkai 1, 20457 Hamburg, Deutschland<\/em><ul><li><a href=\"https:\/\/privacy.xing.com\/de\/datenschutzerklaerung\">Datenschutzinformation<\/a><\/li><li><a href=\"https:\/\/privacy.xing.com\/de\/datenschutzerklaerung\/welche-rechte-koennen-sie-geltend-machen\/widerspruchsrecht\">Zum Widerspruchsrecht<\/a><\/li><\/ul><\/li><\/ul>\n\n\n\n<p><\/p>\n\n\n\n<p><strong>Hinweise auf Betroffenenrechte<\/strong><\/p>\n\n\n\n<p>Betroffene k\u00f6nnen jederzeit Auskunft \u00fcber die sie betreffenden personenbezogenen Daten sowie gegebenenfalls Berichtigung oder L\u00f6schung beziehungsweise Einschr\u00e4nkung der Verarbeitung verlangen oder einer Verarbeitung widersprechen. Au\u00dferdem besteht zu ihren Gunsten ein Recht auf Daten\u00fcbertragbarkeit. Dar\u00fcber hinaus kann, sofern die Datenverarbeitung aufgrund einer Einwilligung durchgef\u00fchrt wird, diese jederzeit f\u00fcr die Zukunft widerrufen werden. Zur Aus\u00fcbung Ihrer Rechte steht Ihnen unser Datenschutzbeauftragter, das Dresdner Institut f\u00fcr Datenschutz unter datenschutz[at]fodjan.de (weitere Kontaktdaten unter <a href=\"http:\/\/www.dids.de\">www.dids.de<\/a>) zur Verf\u00fcgung. Dar\u00fcber hinaus besteht f\u00fcr jede betroffene Person gem\u00e4\u00df Art. 77 DS-GVO ein Recht auf Beschwerde bei einer Datenschutzaufsichtsbeh\u00f6rde, wenn vermutet wird, dass die Verarbeitung der personenbezogenen Daten rechtswidrig erfolgt.<\/p>\n\n\n\n<p>Bez\u00fcglich der Geltendmachung von Betroffenenrechten weisen wir darauf hin, dass diese zur Erlangung umfassender Ma\u00dfnahmen bestenfalls direkt an den jeweiligen Betreiber des sozialen Netzwerkes gerichtet werden sollten. Nur die Betreiber haben Zugriff auf s\u00e4mtliche der erhobenen personenbezogenen Daten der Nutzer und k\u00f6nnen entsprechend umfassendere Ausk\u00fcnfte geben und etwaige Ma\u00dfnahmen ergreifen. Sofern Sie hierbei Hilfe ben\u00f6tigen, k\u00f6nnen Sie sich selbstverst\u00e4ndlich jederzeit an unseren Datenschutzbeauftragten wenden.<\/p>\n\n\n\n<div style=\"height:65px\" aria-hidden=\"true\" class=\"wp-block-spacer\"><\/div>\n","protected":false},"excerpt":{"rendered":"<p>Die Datenschutzinformation f\u00fcr die Verarbeitung personenbezogener Daten auf unserer Internetseite finden Sie unter folgendem Link: https:\/\/fodjan.com\/de\/datenschutzerklaerung\/ Zur aktiven Kommunikation mit [&hellip;]<\/p>\n","protected":false},"author":3,"featured_media":0,"parent":0,"menu_order":0,"comment_status":"closed","ping_status":"closed","template":"","meta":{"_acf_changed":false,"inline_featured_image":false,"footnotes":""},"categories":[],"tags":[281],"class_list":["post-5871","page","type-page","status-publish","hentry","tag-rechtliches-nicht-ueber-nav-erreichbar"],"acf":[],"yoast_head":"<!-- This site is optimized with the Yoast SEO plugin v26.8 - https:\/\/yoast.com\/product\/yoast-seo-wordpress\/ -->\n<title>fodjan smart feeding<\/title>\n<meta name=\"robots\" content=\"noindex, nofollow\" \/>\n<meta property=\"og:locale\" content=\"de_DE\" \/>\n<meta property=\"og:type\" content=\"article\" \/>\n<meta property=\"og:title\" content=\"Datenschutzinformationen zu unseren Social-Media-Pr\u00e4senzen - fodjan smart feeding\" \/>\n<meta property=\"og:description\" content=\"Die Datenschutzinformation f\u00fcr die Verarbeitung personenbezogener Daten auf unserer Internetseite finden Sie unter folgendem Link: https:\/\/fodjan.com\/de\/datenschutzerklaerung\/ Zur aktiven Kommunikation mit [&hellip;]\" \/>\n<meta property=\"og:url\" content=\"https:\/\/fodjan.com\/de\/datenschutz-social-media-bei-fodjan\/\" \/>\n<meta property=\"og:site_name\" content=\"fodjan smart feeding\" \/>\n<meta property=\"article:publisher\" content=\"https:\/\/de-de.facebook.com\/fodjan.de\/\" \/>\n<meta property=\"article:modified_time\" content=\"2022-06-29T08:02:05+00:00\" \/>\n<meta property=\"og:image\" content=\"https:\/\/fodjan.com\/wp-content\/uploads\/2020\/05\/fodjan_App.jpg\" \/>\n\t<meta property=\"og:image:width\" content=\"1920\" \/>\n\t<meta property=\"og:image:height\" content=\"1280\" \/>\n\t<meta property=\"og:image:type\" content=\"image\/jpeg\" \/>\n<meta name=\"twitter:card\" content=\"summary_large_image\" \/>\n<script type=\"application\/ld+json\" class=\"yoast-schema-graph\">{\"@context\":\"https:\/\/schema.org\",\"@graph\":[{\"@type\":\"WebPage\",\"@id\":\"https:\/\/fodjan.com\/de\/datenschutz-social-media-bei-fodjan\/\",\"url\":\"https:\/\/fodjan.com\/de\/datenschutz-social-media-bei-fodjan\/\",\"name\":\"Datenschutzinformationen zu unseren Social-Media-Pr\u00e4senzen - fodjan smart feeding\",\"isPartOf\":{\"@id\":\"https:\/\/fodjan.com\/de\/#website\"},\"datePublished\":\"2020-09-01T13:22:13+00:00\",\"dateModified\":\"2022-06-29T08:02:05+00:00\",\"breadcrumb\":{\"@id\":\"https:\/\/fodjan.com\/de\/datenschutz-social-media-bei-fodjan\/#breadcrumb\"},\"inLanguage\":\"de\",\"potentialAction\":[{\"@type\":\"ReadAction\",\"target\":[\"https:\/\/fodjan.com\/de\/datenschutz-social-media-bei-fodjan\/\"]}]},{\"@type\":\"BreadcrumbList\",\"@id\":\"https:\/\/fodjan.com\/de\/datenschutz-social-media-bei-fodjan\/#breadcrumb\",\"itemListElement\":[{\"@type\":\"ListItem\",\"position\":1,\"name\":\"Home\",\"item\":\"https:\/\/fodjan.com\/de\/\"},{\"@type\":\"ListItem\",\"position\":2,\"name\":\"Datenschutzinformationen zu unseren Social-Media-Pr\u00e4senzen\"}]},{\"@type\":\"WebSite\",\"@id\":\"https:\/\/fodjan.com\/de\/#website\",\"url\":\"https:\/\/fodjan.com\/de\/\",\"name\":\"fodjan\",\"description\":\"Der digitale Assistent f\u00fcr die F\u00fctterung\",\"publisher\":{\"@id\":\"https:\/\/fodjan.com\/de\/#organization\"},\"alternateName\":\"smart feeding\",\"potentialAction\":[{\"@type\":\"SearchAction\",\"target\":{\"@type\":\"EntryPoint\",\"urlTemplate\":\"https:\/\/fodjan.com\/de\/?s={search_term_string}\"},\"query-input\":{\"@type\":\"PropertyValueSpecification\",\"valueRequired\":true,\"valueName\":\"search_term_string\"}}],\"inLanguage\":\"de\"},{\"@type\":\"Organization\",\"@id\":\"https:\/\/fodjan.com\/de\/#organization\",\"name\":\"fodjan GmbH\",\"alternateName\":\"smart feeding\",\"url\":\"https:\/\/fodjan.com\/de\/\",\"logo\":{\"@type\":\"ImageObject\",\"inLanguage\":\"de\",\"@id\":\"https:\/\/fodjan.com\/de\/#\/schema\/logo\/image\/\",\"url\":\"https:\/\/fodjan.com\/wp-content\/uploads\/2020\/04\/Logo_fodjan_2020.svg\",\"contentUrl\":\"https:\/\/fodjan.com\/wp-content\/uploads\/2020\/04\/Logo_fodjan_2020.svg\",\"width\":5000,\"height\":1500,\"caption\":\"fodjan GmbH\"},\"image\":{\"@id\":\"https:\/\/fodjan.com\/de\/#\/schema\/logo\/image\/\"},\"sameAs\":[\"https:\/\/de-de.facebook.com\/fodjan.de\/\",\"https:\/\/www.linkedin.com\/company\/fodjan-gmbh\",\"https:\/\/www.youtube.com\/channel\/UCKwdzpWq1uy0sblX3_VIKHg\"]}]}<\/script>\n<!-- \/ Yoast SEO plugin. -->","yoast_head_json":{"title":"fodjan smart feeding","robots":{"index":"noindex","follow":"nofollow"},"og_locale":"de_DE","og_type":"article","og_title":"Datenschutzinformationen zu unseren Social-Media-Pr\u00e4senzen - fodjan smart feeding","og_description":"Die Datenschutzinformation f\u00fcr die Verarbeitung personenbezogener Daten auf unserer Internetseite finden Sie unter folgendem Link: https:\/\/fodjan.com\/de\/datenschutzerklaerung\/ Zur aktiven Kommunikation mit [&hellip;]","og_url":"https:\/\/fodjan.com\/de\/datenschutz-social-media-bei-fodjan\/","og_site_name":"fodjan smart feeding","article_publisher":"https:\/\/de-de.facebook.com\/fodjan.de\/","article_modified_time":"2022-06-29T08:02:05+00:00","og_image":[{"width":1920,"height":1280,"url":"https:\/\/fodjan.com\/wp-content\/uploads\/2020\/05\/fodjan_App.jpg","type":"image\/jpeg"}],"twitter_card":"summary_large_image","schema":{"@context":"https:\/\/schema.org","@graph":[{"@type":"WebPage","@id":"https:\/\/fodjan.com\/de\/datenschutz-social-media-bei-fodjan\/","url":"https:\/\/fodjan.com\/de\/datenschutz-social-media-bei-fodjan\/","name":"Datenschutzinformationen zu unseren Social-Media-Pr\u00e4senzen - fodjan smart feeding","isPartOf":{"@id":"https:\/\/fodjan.com\/de\/#website"},"datePublished":"2020-09-01T13:22:13+00:00","dateModified":"2022-06-29T08:02:05+00:00","breadcrumb":{"@id":"https:\/\/fodjan.com\/de\/datenschutz-social-media-bei-fodjan\/#breadcrumb"},"inLanguage":"de","potentialAction":[{"@type":"ReadAction","target":["https:\/\/fodjan.com\/de\/datenschutz-social-media-bei-fodjan\/"]}]},{"@type":"BreadcrumbList","@id":"https:\/\/fodjan.com\/de\/datenschutz-social-media-bei-fodjan\/#breadcrumb","itemListElement":[{"@type":"ListItem","position":1,"name":"Home","item":"https:\/\/fodjan.com\/de\/"},{"@type":"ListItem","position":2,"name":"Datenschutzinformationen zu unseren Social-Media-Pr\u00e4senzen"}]},{"@type":"WebSite","@id":"https:\/\/fodjan.com\/de\/#website","url":"https:\/\/fodjan.com\/de\/","name":"fodjan","description":"Der digitale Assistent f\u00fcr die F\u00fctterung","publisher":{"@id":"https:\/\/fodjan.com\/de\/#organization"},"alternateName":"smart feeding","potentialAction":[{"@type":"SearchAction","target":{"@type":"EntryPoint","urlTemplate":"https:\/\/fodjan.com\/de\/?s={search_term_string}"},"query-input":{"@type":"PropertyValueSpecification","valueRequired":true,"valueName":"search_term_string"}}],"inLanguage":"de"},{"@type":"Organization","@id":"https:\/\/fodjan.com\/de\/#organization","name":"fodjan GmbH","alternateName":"smart feeding","url":"https:\/\/fodjan.com\/de\/","logo":{"@type":"ImageObject","inLanguage":"de","@id":"https:\/\/fodjan.com\/de\/#\/schema\/logo\/image\/","url":"https:\/\/fodjan.com\/wp-content\/uploads\/2020\/04\/Logo_fodjan_2020.svg","contentUrl":"https:\/\/fodjan.com\/wp-content\/uploads\/2020\/04\/Logo_fodjan_2020.svg","width":5000,"height":1500,"caption":"fodjan GmbH"},"image":{"@id":"https:\/\/fodjan.com\/de\/#\/schema\/logo\/image\/"},"sameAs":["https:\/\/de-de.facebook.com\/fodjan.de\/","https:\/\/www.linkedin.com\/company\/fodjan-gmbh","https:\/\/www.youtube.com\/channel\/UCKwdzpWq1uy0sblX3_VIKHg"]}]}},"_links":{"self":[{"href":"https:\/\/fodjan.com\/de\/wp-json\/wp\/v2\/pages\/5871","targetHints":{"allow":["GET"]}}],"collection":[{"href":"https:\/\/fodjan.com\/de\/wp-json\/wp\/v2\/pages"}],"about":[{"href":"https:\/\/fodjan.com\/de\/wp-json\/wp\/v2\/types\/page"}],"author":[{"embeddable":true,"href":"https:\/\/fodjan.com\/de\/wp-json\/wp\/v2\/users\/3"}],"replies":[{"embeddable":true,"href":"https:\/\/fodjan.com\/de\/wp-json\/wp\/v2\/comments?post=5871"}],"version-history":[{"count":12,"href":"https:\/\/fodjan.com\/de\/wp-json\/wp\/v2\/pages\/5871\/revisions"}],"predecessor-version":[{"id":11088,"href":"https:\/\/fodjan.com\/de\/wp-json\/wp\/v2\/pages\/5871\/revisions\/11088"}],"wp:attachment":[{"href":"https:\/\/fodjan.com\/de\/wp-json\/wp\/v2\/media?parent=5871"}],"wp:term":[{"taxonomy":"category","embeddable":true,"href":"https:\/\/fodjan.com\/de\/wp-json\/wp\/v2\/categories?post=5871"},{"taxonomy":"post_tag","embeddable":true,"href":"https:\/\/fodjan.com\/de\/wp-json\/wp\/v2\/tags?post=5871"}],"curies":[{"name":"wp","href":"https:\/\/api.w.org\/{rel}","templated":true}]}}